{"id":7791,"date":"2024-07-13T22:01:21","date_gmt":"2024-07-13T20:01:21","guid":{"rendered":"https:\/\/cataloniacomics.com\/?post_type=product&#038;p=7791"},"modified":"2026-01-19T21:41:24","modified_gmt":"2026-01-20T03:41:24","slug":"peter-pank-integral","status":"publish","type":"product","link":"https:\/\/cataloniacomics.com\/?product=peter-pank-integral","title":{"rendered":"Peter Pank Integral"},"content":{"rendered":"<p>Cl\u00e1sico del c\u00f3mic\u00a0<i>underground<\/i>\u00a0espa\u00f1ol, la edici\u00f3n de\u00a0<i>Peter Pank Integral<\/i>\u00a0recopila en una edici\u00f3n de lujo los \u00e1lbumes\u00a0<i>Peter Pank<\/i>,\u00a0<i>Likantropunk<\/i>\u00a0y\u00a0<i>Pankdinista!<\/i><br \/>\nEl personaje de Peter Pank es una parodia del Peter Pan de la pel\u00edcula de Walt Disney. Los diferentes personajes de dicha pel\u00edcula son interpretados en el c\u00f3mic bajo el prisma de las tribus urbanas de la Espa\u00f1a de los a\u00f1os ochenta<br \/>\nPeter Pank es el personaje m\u00e1s carism\u00e1tico y popular de los creados por la mente genial de Max. Este punkie de rasgos aguile\u00f1os y maneras radicales se ha convertido en s\u00edmbolo de una juventud eternamente peleadora y rebelde que no acepta las reglas impuestas por la sociedad en que le ha tocado vivir. Y es que la lecci\u00f3n de Peter Pank est\u00e1 clara: si no puedes cambiar tu sociedad\u2026 \u00a1pervi\u00e9rtela!<\/p>\n","protected":false},"excerpt":{"rendered":"<p>9788417442309<\/p>\n<p><a href=\"https:\/\/cataloniacomics.com\/wp-admin\/edit.php?product_tag=critica-social&amp;post_type=product\">Cr\u00edtica Social<\/a>,\u00a0<a href=\"https:\/\/cataloniacomics.com\/wp-admin\/edit.php?product_tag=humor&amp;post_type=product\">Humor<\/a>,\u00a0<a href=\"https:\/\/cataloniacomics.com\/wp-admin\/edit.php?product_tag=la-cupula&amp;post_type=product\">La C\u00fapula<\/a>,\u00a0<a href=\"https:\/\/cataloniacomics.com\/wp-admin\/edit.php?product_tag=underground&amp;post_type=product\">Underground<\/a><\/p>\n","protected":false},"featured_media":7792,"comment_status":"open","ping_status":"closed","template":"","meta":[],"product_brand":[],"product_cat":[129],"product_tag":[311,174,204,383],"class_list":["post-7791","product","type-product","status-publish","has-post-thumbnail","product_cat-novela-grafica","product_tag-critica-social","product_tag-humor","product_tag-la-cupula","product_tag-underground","first","outofstock","sold-individually","shipping-taxable","purchasable","product-type-simple"],"_links":{"self":[{"href":"https:\/\/cataloniacomics.com\/index.php?rest_route=\/wp\/v2\/product\/7791","targetHints":{"allow":["GET"]}}],"collection":[{"href":"https:\/\/cataloniacomics.com\/index.php?rest_route=\/wp\/v2\/product"}],"about":[{"href":"https:\/\/cataloniacomics.com\/index.php?rest_route=\/wp\/v2\/types\/product"}],"replies":[{"embeddable":true,"href":"https:\/\/cataloniacomics.com\/index.php?rest_route=%2Fwp%2Fv2%2Fcomments&post=7791"}],"wp:featuredmedia":[{"embeddable":true,"href":"https:\/\/cataloniacomics.com\/index.php?rest_route=\/wp\/v2\/media\/7792"}],"wp:attachment":[{"href":"https:\/\/cataloniacomics.com\/index.php?rest_route=%2Fwp%2Fv2%2Fmedia&parent=7791"}],"wp:term":[{"taxonomy":"product_brand","embeddable":true,"href":"https:\/\/cataloniacomics.com\/index.php?rest_route=%2Fwp%2Fv2%2Fproduct_brand&post=7791"},{"taxonomy":"product_cat","embeddable":true,"href":"https:\/\/cataloniacomics.com\/index.php?rest_route=%2Fwp%2Fv2%2Fproduct_cat&post=7791"},{"taxonomy":"product_tag","embeddable":true,"href":"https:\/\/cataloniacomics.com\/index.php?rest_route=%2Fwp%2Fv2%2Fproduct_tag&post=7791"}],"curies":[{"name":"wp","href":"https:\/\/api.w.org\/{rel}","templated":true}]}}