{"id":7716,"date":"2024-07-13T01:18:19","date_gmt":"2024-07-12T23:18:19","guid":{"rendered":"https:\/\/cataloniacomics.com\/?post_type=product&#038;p=7716"},"modified":"2026-01-19T21:08:59","modified_gmt":"2026-01-20T03:08:59","slug":"el-ala-rota","status":"publish","type":"product","link":"https:\/\/cataloniacomics.com\/?product=el-ala-rota","title":{"rendered":"El ala rota"},"content":{"rendered":"<p>La madre de Petra muri\u00f3 al dar a luz a su hija, y con la desgracia, su propio padre intent\u00f3 matarla. Desde entonces Petra tiene el brazo inm\u00f3vil ahora, en sus \u00faltimos d\u00edas de vida, su hijo, Antonio Altarriba, descubre que ella lo ha mantenido en secreto. La percepci\u00f3n de Antonio cambia radicalmente y entonces, reconstruye la historia de su madre, mujer devota y sufridora, que ha sido maltratada por un pa\u00eds dominado por hombres.<\/p>\n<p>El ala rota es la otra cara de El arte de volar (Premio Nacional de c\u00f3mic 2010), dos obras que forman un d\u00edptico donde los autores, Antonio Altarriba y Kim, repasan la historia pol\u00edtica espa\u00f1ola del siglo XX \u2014la ca\u00edda de la monarqu\u00eda, la segunda rep\u00fablica, la guerra civil, la dictadura de Franco, el exilio, la II guerra mundial y el retorno del exilio\u2014 a trav\u00e9s de las vivencias de sus dos protagonistas.<\/p>\n","protected":false},"excerpt":{"rendered":"<p>9788467923230<\/p>\n<p><a href=\"https:\/\/cataloniacomics.com\/wp-admin\/edit.php?product_tag=biografia&amp;post_type=product\">Biograf\u00eda<\/a>,\u00a0<a href=\"https:\/\/cataloniacomics.com\/wp-admin\/edit.php?product_tag=historico&amp;post_type=product\">Hist\u00f3rico<\/a>,\u00a0<a href=\"https:\/\/cataloniacomics.com\/wp-admin\/edit.php?product_tag=norma-editorial&amp;post_type=product\">Norma Editorial<\/a><\/p>\n","protected":false},"featured_media":7717,"comment_status":"open","ping_status":"closed","template":"","meta":[],"product_brand":[537],"product_cat":[129],"product_tag":[208,162,156],"class_list":["post-7716","product","type-product","status-publish","has-post-thumbnail","product_brand-norma-editorial","product_cat-novela-grafica","product_tag-biografia","product_tag-historico","product_tag-norma-editorial","first","outofstock","sold-individually","shipping-taxable","purchasable","product-type-simple"],"_links":{"self":[{"href":"https:\/\/cataloniacomics.com\/index.php?rest_route=\/wp\/v2\/product\/7716","targetHints":{"allow":["GET"]}}],"collection":[{"href":"https:\/\/cataloniacomics.com\/index.php?rest_route=\/wp\/v2\/product"}],"about":[{"href":"https:\/\/cataloniacomics.com\/index.php?rest_route=\/wp\/v2\/types\/product"}],"replies":[{"embeddable":true,"href":"https:\/\/cataloniacomics.com\/index.php?rest_route=%2Fwp%2Fv2%2Fcomments&post=7716"}],"wp:featuredmedia":[{"embeddable":true,"href":"https:\/\/cataloniacomics.com\/index.php?rest_route=\/wp\/v2\/media\/7717"}],"wp:attachment":[{"href":"https:\/\/cataloniacomics.com\/index.php?rest_route=%2Fwp%2Fv2%2Fmedia&parent=7716"}],"wp:term":[{"taxonomy":"product_brand","embeddable":true,"href":"https:\/\/cataloniacomics.com\/index.php?rest_route=%2Fwp%2Fv2%2Fproduct_brand&post=7716"},{"taxonomy":"product_cat","embeddable":true,"href":"https:\/\/cataloniacomics.com\/index.php?rest_route=%2Fwp%2Fv2%2Fproduct_cat&post=7716"},{"taxonomy":"product_tag","embeddable":true,"href":"https:\/\/cataloniacomics.com\/index.php?rest_route=%2Fwp%2Fv2%2Fproduct_tag&post=7716"}],"curies":[{"name":"wp","href":"https:\/\/api.w.org\/{rel}","templated":true}]}}