{"id":5063,"date":"2024-06-15T21:31:51","date_gmt":"2024-06-15T19:31:51","guid":{"rendered":"https:\/\/cataloniacomics.com\/?post_type=product&#038;p=5063"},"modified":"2026-01-13T19:58:45","modified_gmt":"2026-01-14T01:58:45","slug":"un-verano-en-las-dunas","status":"publish","type":"product","link":"https:\/\/cataloniacomics.com\/?product=un-verano-en-las-dunas","title":{"rendered":"Un verano en las dunas"},"content":{"rendered":"<p>Entre 1991 y 1993, poco antes de alcanzar la fama a nivel mundial, Seth public\u00f3 las dos historias contenidas en\u00a0<em>Un verano en las dunas<\/em>, que permanec\u00edan in\u00e9ditas en espa\u00f1ol y recuperan para nosotros la frescura del autor autobiogr\u00e1fico y la estilizaci\u00f3n de su registro m\u00e1s celebrado y reconocible. A partir de sendas evocaciones de un episodio violento y de un amor de juventud, Seth exhibe inseguridades, dudas morales y retales de su propio esnobismo a prueba de bomba, exponi\u00e9ndose de un modo que no hall\u00f3 continuidad en su obra posterior. Las historias breves contenidas en el cuadernillo en color que acompa\u00f1a al libro, publicadas en distintas antolog\u00edas, completan su producci\u00f3n previa a\u00a0<em>La vida est\u00e1 bien si no te rindes<\/em>. Creador del c\u00f3mic Palooka Ville, donde han aparecido algunos de sus trabajos m\u00e1s reconocidos a lo largo de m\u00e1s de un cuarto de siglo, Seth ha demostrado tal apego por la cultura popular de la primera mitad del siglo xx que a menudo se habla de \u00e9l como del \u201cdibujante de la nostalgia\u201d. Este libro demuestra que fue y es muchas cosas\u00a0m\u00e1s.<\/p>\n","protected":false},"excerpt":{"rendered":"<p>9788416167357<\/p>\n<p><a href=\"https:\/\/cataloniacomics.com\/wp-admin\/edit.php?product_tag=autobiografico&amp;post_type=product\">Autobiogr\u00e1fico<\/a>,\u00a0<a href=\"https:\/\/cataloniacomics.com\/wp-admin\/edit.php?product_tag=fulgencio-pimentel&amp;post_type=product\">Fulgencio Pimentel<\/a>,\u00a0<a href=\"https:\/\/cataloniacomics.com\/wp-admin\/edit.php?product_tag=seth&amp;post_type=product\">Seth<\/a><\/p>\n","protected":false},"featured_media":5064,"comment_status":"open","ping_status":"closed","template":"","meta":[],"product_brand":[],"product_cat":[129],"product_tag":[246,180,335],"class_list":["post-5063","product","type-product","status-publish","has-post-thumbnail","product_cat-novela-grafica","product_tag-autobiografico","product_tag-fulgencio-pimentel","product_tag-seth","first","outofstock","sold-individually","shipping-taxable","purchasable","product-type-simple"],"_links":{"self":[{"href":"https:\/\/cataloniacomics.com\/index.php?rest_route=\/wp\/v2\/product\/5063","targetHints":{"allow":["GET"]}}],"collection":[{"href":"https:\/\/cataloniacomics.com\/index.php?rest_route=\/wp\/v2\/product"}],"about":[{"href":"https:\/\/cataloniacomics.com\/index.php?rest_route=\/wp\/v2\/types\/product"}],"replies":[{"embeddable":true,"href":"https:\/\/cataloniacomics.com\/index.php?rest_route=%2Fwp%2Fv2%2Fcomments&post=5063"}],"wp:featuredmedia":[{"embeddable":true,"href":"https:\/\/cataloniacomics.com\/index.php?rest_route=\/wp\/v2\/media\/5064"}],"wp:attachment":[{"href":"https:\/\/cataloniacomics.com\/index.php?rest_route=%2Fwp%2Fv2%2Fmedia&parent=5063"}],"wp:term":[{"taxonomy":"product_brand","embeddable":true,"href":"https:\/\/cataloniacomics.com\/index.php?rest_route=%2Fwp%2Fv2%2Fproduct_brand&post=5063"},{"taxonomy":"product_cat","embeddable":true,"href":"https:\/\/cataloniacomics.com\/index.php?rest_route=%2Fwp%2Fv2%2Fproduct_cat&post=5063"},{"taxonomy":"product_tag","embeddable":true,"href":"https:\/\/cataloniacomics.com\/index.php?rest_route=%2Fwp%2Fv2%2Fproduct_tag&post=5063"}],"curies":[{"name":"wp","href":"https:\/\/api.w.org\/{rel}","templated":true}]}}