{"id":5046,"date":"2024-06-15T20:33:07","date_gmt":"2024-06-15T18:33:07","guid":{"rendered":"https:\/\/cataloniacomics.com\/?post_type=product&#038;p=5046"},"modified":"2026-01-13T19:55:46","modified_gmt":"2026-01-14T01:55:46","slug":"la-colera","status":"publish","type":"product","link":"https:\/\/cataloniacomics.com\/?product=la-colera","title":{"rendered":"La c\u00f3lera"},"content":{"rendered":"<p><strong>Premio Zona C\u00f3mic-CEGAL a la mejor obra nacional de 2020<\/strong><\/p>\n<p><strong>Premio Lorna al mejor c\u00f3mic nacional de 2020<\/strong><\/p>\n<p><strong>Mejor Obra Nacional en los Premios del C\u00f3mic Aragon\u00e9s 2020<\/strong><\/p>\n<p><strong>Mejor Obra Nacional en los Premios de la Cr\u00edtica de Dolmen 2020\u00a0<\/strong><\/p>\n<p>Javier Olivares y Santiago Garc\u00eda, tras el Premio Nacional 2015 logrado con\u00a0<em>Las meninas<\/em>, demuestran ambici\u00f3n en una nueva obra que trasciende y enriquece con m\u00faltiples registros lo que ser\u00eda una mera actualizaci\u00f3n de la historia de Aquiles en la Iliada de Homero.<\/p>\n<p>Dos ej\u00e9rcitos llevan diez a\u00f1os batallando a las puertas de Troya. De un lado, los defensores de la ciudad, comandados por H\u00e9ctor. Del otro, la alianza de griegos capitaneada por Agamen\u00f3n. Cansados, hartos y polvorientos, los aqueos se enfrentan a su mayor momento de crisis.<\/p>\n<p>Agamen\u00f3n ha ofendido a Aquiles, el de los pies ligeros, su principal guerrero.<\/p>\n<p>Aquiles monta en c\u00f3lera y decide retirar a sus fuerzas del conflicto. Nadie consigue hacerle cambiar de idea, ni su amado compa\u00f1ero Patroclo ni su leal camarada Ulises. La ira de Aquiles es inflexible, y la sombra del desastre se cierne sobre la armada griega.<\/p>\n<p>\u00c9sta es la historia contada por Homero, la historia de la rabia de un hombre que dur\u00f3 varias semanas en una playa del estrecho de los Dardanelos. La primera historia de la civilizaci\u00f3n europea.<\/p>\n","protected":false},"excerpt":{"rendered":"<p>9788417575618<\/p>\n<p><a href=\"https:\/\/cataloniacomics.com\/wp-admin\/edit.php?product_tag=astiberri&amp;post_type=product\">Astiberri<\/a>,\u00a0<a href=\"https:\/\/cataloniacomics.com\/wp-admin\/edit.php?product_tag=historico&amp;post_type=product\">Hist\u00f3rico<\/a>,\u00a0<a href=\"https:\/\/cataloniacomics.com\/wp-admin\/edit.php?product_tag=mitologia&amp;post_type=product\">Mitolog\u00eda<\/a><\/p>\n","protected":false},"featured_media":8423,"comment_status":"open","ping_status":"closed","template":"","meta":[],"product_brand":[],"product_cat":[129],"product_tag":[144,162,332],"class_list":["post-5046","product","type-product","status-publish","has-post-thumbnail","product_cat-novela-grafica","product_tag-astiberri","product_tag-historico","product_tag-mitologia","first","outofstock","sold-individually","shipping-taxable","purchasable","product-type-simple"],"_links":{"self":[{"href":"https:\/\/cataloniacomics.com\/index.php?rest_route=\/wp\/v2\/product\/5046","targetHints":{"allow":["GET"]}}],"collection":[{"href":"https:\/\/cataloniacomics.com\/index.php?rest_route=\/wp\/v2\/product"}],"about":[{"href":"https:\/\/cataloniacomics.com\/index.php?rest_route=\/wp\/v2\/types\/product"}],"replies":[{"embeddable":true,"href":"https:\/\/cataloniacomics.com\/index.php?rest_route=%2Fwp%2Fv2%2Fcomments&post=5046"}],"wp:featuredmedia":[{"embeddable":true,"href":"https:\/\/cataloniacomics.com\/index.php?rest_route=\/wp\/v2\/media\/8423"}],"wp:attachment":[{"href":"https:\/\/cataloniacomics.com\/index.php?rest_route=%2Fwp%2Fv2%2Fmedia&parent=5046"}],"wp:term":[{"taxonomy":"product_brand","embeddable":true,"href":"https:\/\/cataloniacomics.com\/index.php?rest_route=%2Fwp%2Fv2%2Fproduct_brand&post=5046"},{"taxonomy":"product_cat","embeddable":true,"href":"https:\/\/cataloniacomics.com\/index.php?rest_route=%2Fwp%2Fv2%2Fproduct_cat&post=5046"},{"taxonomy":"product_tag","embeddable":true,"href":"https:\/\/cataloniacomics.com\/index.php?rest_route=%2Fwp%2Fv2%2Fproduct_tag&post=5046"}],"curies":[{"name":"wp","href":"https:\/\/api.w.org\/{rel}","templated":true}]}}