{"id":4814,"date":"2024-06-12T23:35:19","date_gmt":"2024-06-12T21:35:19","guid":{"rendered":"https:\/\/cataloniacomics.com\/?post_type=product&#038;p=4814"},"modified":"2026-05-12T19:44:04","modified_gmt":"2026-05-13T01:44:04","slug":"transmetropolitan-3-el-ano-del-bastardo","status":"publish","type":"product","link":"https:\/\/cataloniacomics.com\/?product=transmetropolitan-3-el-ano-del-bastardo","title":{"rendered":"Transmetropolitan 3 : El a\u00f1o del bastardo"},"content":{"rendered":"<p>Asesinos. Violadores. Manoseadores de perros. Ladrones de ADN. El periodista proscrito\u00a0<strong>Spider Jerusalem<\/strong>\u00a0ha cubierto todos esos temas durante su larga y muy medicada carrera. Pero tales horrores son como gatitos juguetones si se les compara con la m\u00e1xima expresi\u00f3n de la degradaci\u00f3n humana: la pol\u00edtica. Desafortunadamente para la cordura de\u00a0<strong>Spider<\/strong>, es a\u00f1o de elecciones, y su audiencia desea \u2014nah, demanda\u2014 saturaci\u00f3n en la cobertura del espect\u00e1culo.<\/p>\n<p>As\u00ed que con la ayuda de una nueva asistente y muchas jeringas con sustancias semilegales, eso es exactamente lo que les proveer\u00e1. No obstante, ni siquiera sus a\u00f1os de experiencia pueden preparar a\u00a0<strong>Spider<\/strong>\u00a0\u2014o al mundo\u2014 para la depravaci\u00f3n que est\u00e1 a punto de arrastrarse hacia la luz.<\/p>\n<p>El aclamado escritor\u00a0<strong>Warren Ellis<\/strong>\u00a0(<strong>The Authority<\/strong>,\u00a0<strong>Planetary<\/strong>) y el artista\u00a0<strong>Darick<\/strong>\u00a0<strong>Robertson<\/strong>\u00a0(<strong>The Boys<\/strong>,<strong>\u00a0Wolverine<\/strong>) golpean la campa\u00f1a electoral directo en el est\u00f3mago con\u00a0<strong>Transmetropolitan: El a\u00f1o del bastardo<\/strong>, reuniendo los n\u00fameros 13-18 de esta escandalosa serie, as\u00ed como una historia corta proveniente de\u00a0<strong>Vertigo: Winter\u2019s Edge<\/strong>\u00a0#2.<\/p>\n","protected":false},"excerpt":{"rendered":"<p>7509997046327<\/p>\n<p><a href=\"https:\/\/cataloniacomics.com\/wp-admin\/edit.php?product_tag=dc-black-label&amp;post_type=product\">DC Black Label<\/a>,\u00a0<a href=\"https:\/\/cataloniacomics.com\/wp-admin\/edit.php?product_tag=smash&amp;post_type=product\">Smash<\/a>,\u00a0<a href=\"https:\/\/cataloniacomics.com\/wp-admin\/edit.php?product_tag=vertigo&amp;post_type=product\">V\u00e9rtigo<\/a>,\u00a0<a href=\"https:\/\/cataloniacomics.com\/wp-admin\/edit.php?product_tag=warren-ellis&amp;post_type=product\">Warren Ellis<\/a><\/p>\n","protected":false},"featured_media":4816,"comment_status":"open","ping_status":"closed","template":"","meta":[],"product_brand":[],"product_cat":[130,129],"product_tag":[342,299,296,157],"class_list":["post-4814","product","type-product","status-publish","has-post-thumbnail","product_cat-comic","product_cat-novela-grafica","product_tag-dc-black-label","product_tag-smash","product_tag-vertigo","product_tag-warren-ellis","first","instock","sold-individually","shipping-taxable","purchasable","product-type-simple"],"_links":{"self":[{"href":"https:\/\/cataloniacomics.com\/index.php?rest_route=\/wp\/v2\/product\/4814","targetHints":{"allow":["GET"]}}],"collection":[{"href":"https:\/\/cataloniacomics.com\/index.php?rest_route=\/wp\/v2\/product"}],"about":[{"href":"https:\/\/cataloniacomics.com\/index.php?rest_route=\/wp\/v2\/types\/product"}],"replies":[{"embeddable":true,"href":"https:\/\/cataloniacomics.com\/index.php?rest_route=%2Fwp%2Fv2%2Fcomments&post=4814"}],"wp:featuredmedia":[{"embeddable":true,"href":"https:\/\/cataloniacomics.com\/index.php?rest_route=\/wp\/v2\/media\/4816"}],"wp:attachment":[{"href":"https:\/\/cataloniacomics.com\/index.php?rest_route=%2Fwp%2Fv2%2Fmedia&parent=4814"}],"wp:term":[{"taxonomy":"product_brand","embeddable":true,"href":"https:\/\/cataloniacomics.com\/index.php?rest_route=%2Fwp%2Fv2%2Fproduct_brand&post=4814"},{"taxonomy":"product_cat","embeddable":true,"href":"https:\/\/cataloniacomics.com\/index.php?rest_route=%2Fwp%2Fv2%2Fproduct_cat&post=4814"},{"taxonomy":"product_tag","embeddable":true,"href":"https:\/\/cataloniacomics.com\/index.php?rest_route=%2Fwp%2Fv2%2Fproduct_tag&post=4814"}],"curies":[{"name":"wp","href":"https:\/\/api.w.org\/{rel}","templated":true}]}}