{"id":4787,"date":"2024-06-12T22:42:07","date_gmt":"2024-06-12T20:42:07","guid":{"rendered":"https:\/\/cataloniacomics.com\/?post_type=product&#038;p=4787"},"modified":"2026-01-13T17:41:11","modified_gmt":"2026-01-13T23:41:11","slug":"confesiones-de-un-hombre-en-pijama","status":"publish","type":"product","link":"https:\/\/cataloniacomics.com\/?product=confesiones-de-un-hombre-en-pijama","title":{"rendered":"Confesiones de un hombre en pijama"},"content":{"rendered":"<p>Tras\u00a0<em>Memorias de un hombre en pijama<\/em>\u00a0(Astiberri, 2011) y\u00a0<em>Andanzas de un hombre en pijama<\/em>\u00a0(Astiberri, 2014), Paco Roca culmina con este tercer volumen la trilog\u00eda que protagoniza su \u00e1lter ego, donde el creador valenciano demuestra de nuevo su m\u00e1s acentuada vis c\u00f3mica y capacidad de observaci\u00f3n al poner en su punto de mira la vida cotidiana de un cuarent\u00f3n que por fin ha conseguido su sue\u00f1o infantil de quedarse en casa todo el d\u00eda con el pijama puesto.<\/p>\n<p><em>Confesiones de un hombre en pijama<\/em>\u00a0incluye dos historietas nuevas realizadas para la ocasi\u00f3n \u2013de 18 y 3 p\u00e1ginas\u2013, as\u00ed como sus colaboraciones en\u00a0<em>El Pa\u00eds Semanal<\/em>\u00a0y\u00a0<em>Academia. Revista del Cine Espa\u00f1ol<\/em>, nunca anteriormente recopiladas en un \u00e1lbum, y pone de nuevo de actualidad una serie cuya traslaci\u00f3n a la gran pantalla, que combina imagen animada y real, est\u00e1 pendiente de estreno \u2013previsto para antes de fin de 2017\u2013 y en la que Ra\u00fal Ar\u00e9valo da vida al sosias de Paco Roca.<\/p>\n","protected":false},"excerpt":{"rendered":"<p>9788416880232<\/p>\n<p><a href=\"https:\/\/cataloniacomics.com\/wp-admin\/edit.php?product_tag=astiberri&amp;post_type=product\">Astiberri<\/a>,\u00a0<a href=\"https:\/\/cataloniacomics.com\/wp-admin\/edit.php?product_tag=autobiografico&amp;post_type=product\">Autobiogr\u00e1fico<\/a>,\u00a0<a href=\"https:\/\/cataloniacomics.com\/wp-admin\/edit.php?product_tag=humor&amp;post_type=product\">Humor<\/a>,\u00a0<a href=\"https:\/\/cataloniacomics.com\/wp-admin\/edit.php?product_tag=paco-roca&amp;post_type=product\">Paco Roca<\/a><\/p>\n","protected":false},"featured_media":4788,"comment_status":"open","ping_status":"closed","template":"","meta":[],"product_brand":[],"product_cat":[129],"product_tag":[144,246,174,146],"class_list":["post-4787","product","type-product","status-publish","has-post-thumbnail","product_cat-novela-grafica","product_tag-astiberri","product_tag-autobiografico","product_tag-humor","product_tag-paco-roca","first","instock","sold-individually","shipping-taxable","purchasable","product-type-simple"],"_links":{"self":[{"href":"https:\/\/cataloniacomics.com\/index.php?rest_route=\/wp\/v2\/product\/4787","targetHints":{"allow":["GET"]}}],"collection":[{"href":"https:\/\/cataloniacomics.com\/index.php?rest_route=\/wp\/v2\/product"}],"about":[{"href":"https:\/\/cataloniacomics.com\/index.php?rest_route=\/wp\/v2\/types\/product"}],"replies":[{"embeddable":true,"href":"https:\/\/cataloniacomics.com\/index.php?rest_route=%2Fwp%2Fv2%2Fcomments&post=4787"}],"wp:featuredmedia":[{"embeddable":true,"href":"https:\/\/cataloniacomics.com\/index.php?rest_route=\/wp\/v2\/media\/4788"}],"wp:attachment":[{"href":"https:\/\/cataloniacomics.com\/index.php?rest_route=%2Fwp%2Fv2%2Fmedia&parent=4787"}],"wp:term":[{"taxonomy":"product_brand","embeddable":true,"href":"https:\/\/cataloniacomics.com\/index.php?rest_route=%2Fwp%2Fv2%2Fproduct_brand&post=4787"},{"taxonomy":"product_cat","embeddable":true,"href":"https:\/\/cataloniacomics.com\/index.php?rest_route=%2Fwp%2Fv2%2Fproduct_cat&post=4787"},{"taxonomy":"product_tag","embeddable":true,"href":"https:\/\/cataloniacomics.com\/index.php?rest_route=%2Fwp%2Fv2%2Fproduct_tag&post=4787"}],"curies":[{"name":"wp","href":"https:\/\/api.w.org\/{rel}","templated":true}]}}