{"id":4783,"date":"2024-06-12T22:38:09","date_gmt":"2024-06-12T20:38:09","guid":{"rendered":"https:\/\/cataloniacomics.com\/?post_type=product&#038;p=4783"},"modified":"2026-01-13T17:40:36","modified_gmt":"2026-01-13T23:40:36","slug":"regreso-al-eden","status":"publish","type":"product","link":"https:\/\/cataloniacomics.com\/?product=regreso-al-eden","title":{"rendered":"Regreso al Ed\u00e9n"},"content":{"rendered":"<article class=\"product-container product-section-astiberri\">\n<div class=\"row justify-content-center pt-5 mb-0 mb-sm-5\">\n<div class=\"col col-lg-11 col-xl-10 px-0 px-sm-1 px-md-2 px-lg-3\">\n<div class=\"product-main\" data-xhook=\"product_show\">\n<article class=\"product-right-col\" data-hook=\"product_right_part\">\n<div id=\"product-description-long\" class=\"px-4 px-sm-0\" data-hook=\"description\">\n<p style=\"padding-left: 40px;\"><em><strong><span class=\"tinymce-award-year\">\u2666 2020<\/span>Premio de ACDC\u00f3mic (Asociaci\u00f3n de cr\u00edticos y divulgadores de c\u00f3mic de Espa\u00f1a) a la mejor obra nacional<\/strong><\/em><\/p>\n<p style=\"padding-left: 40px;\"><em><strong><span class=\"tinymce-award-year\">\u2666 2021<\/span>Premio Un a\u00f1o de libros El Corte Ingl\u00e9s al mejor c\u00f3mic<\/strong><\/em><\/p>\n<p style=\"padding-left: 40px;\"><em><strong><span class=\"tinymce-award-year\">\u2666 2021<\/span>Premio del C\u00f3mic Aragon\u00e9s a la mejor obra nacional<\/strong><\/em><\/p>\n<p>&nbsp;<\/p>\n<p>A partir de una foto familiar de 1946 en la antigua playa de Nazaret de la capital valenciana, Paco Roca dibuja un fresco sobre la Espa\u00f1a de la posguerra a trav\u00e9s de una de aquellas familias humildes \u2013reflejo de la inmensa mayor\u00eda de la sociedad que sobreviv\u00eda bajo la dictadura franquista\u2013, con serios problemas para acceder al sustento, obligada a acudir por sistema al mercado negro para hacerse a duras penas con una alimentaci\u00f3n b\u00e1sica diaria.<\/p>\n<p>Un vigoroso y delicado retrato en cuatricrom\u00eda de una Espa\u00f1a de tonos grises y libertades cercenadas por un r\u00e9gimen pol\u00edtico caldo de cultivo, igualmente, de la propagaci\u00f3n de miserias morales.<\/p>\n<p>Trufada de referentes autobiogr\u00e1ficos, Paco Roca da un paso m\u00e1s con\u00a0<em>Regreso al Ed\u00e9n<\/em>\u00a0en su b\u00fasqueda de la memoria. Emocional y equilibrada, plena de recursos gr\u00e1ficos y soluciones narrativas de primer nivel, Paco Roca plantea su obra m\u00e1s ambiciosa como creador completo desde\u00a0<em>Los surcos del azar<\/em>\u00a0y\u00a0<em>La casa<\/em>.<\/p>\n<\/div>\n<\/article>\n<\/div>\n<div id=\"no-product-available\" class=\"no-product-available-dropdown\">\n<div class=\"p-0 justify-content-around mx-auto no-product-available\">\n<div id=\"no-product-available-close-button\" class=\"d-flex no-product-available-icon\"><\/div>\n<div class=\"container-fluid\">\n<div class=\"row flex-column flex-lg-row pb-4 justify-content-center align-items-end\">\n<div class=\"col\"><\/div>\n<div class=\"col\"><\/div>\n<\/div>\n<\/div>\n<\/div>\n<\/div>\n<\/div>\n<\/div>\n<\/article>\n<div id=\"related-products\">\n<div class=\"row justify-content-center products-slider pt-4 pb-4 mb-4 page-section\">\n<div class=\"col px-0\"><\/div>\n<\/div>\n<\/div>\n","protected":false},"excerpt":{"rendered":"<p>9788418215209<\/p>\n<p><a href=\"https:\/\/cataloniacomics.com\/wp-admin\/edit.php?product_tag=astiberri&amp;post_type=product\">Astiberri<\/a>,\u00a0<a href=\"https:\/\/cataloniacomics.com\/wp-admin\/edit.php?product_tag=autobiografico&amp;post_type=product\">Autobiogr\u00e1fico<\/a>,\u00a0<a href=\"https:\/\/cataloniacomics.com\/wp-admin\/edit.php?product_tag=drama&amp;post_type=product\">Drama<\/a>,\u00a0<a href=\"https:\/\/cataloniacomics.com\/wp-admin\/edit.php?product_tag=historico&amp;post_type=product\">Hist\u00f3rico<\/a>,\u00a0<a href=\"https:\/\/cataloniacomics.com\/wp-admin\/edit.php?product_tag=paco-roca&amp;post_type=product\">Paco Roca<\/a>,\u00a0<a href=\"https:\/\/cataloniacomics.com\/wp-admin\/edit.php?product_tag=politica&amp;post_type=product\">Pol\u00edtica<\/a><\/p>\n","protected":false},"featured_media":4784,"comment_status":"open","ping_status":"closed","template":"","meta":[],"product_brand":[],"product_cat":[129],"product_tag":[144,246,290,162,146,313],"class_list":["post-4783","product","type-product","status-publish","has-post-thumbnail","product_cat-novela-grafica","product_tag-astiberri","product_tag-autobiografico","product_tag-drama","product_tag-historico","product_tag-paco-roca","product_tag-politica","first","outofstock","sold-individually","shipping-taxable","purchasable","product-type-simple"],"_links":{"self":[{"href":"https:\/\/cataloniacomics.com\/index.php?rest_route=\/wp\/v2\/product\/4783","targetHints":{"allow":["GET"]}}],"collection":[{"href":"https:\/\/cataloniacomics.com\/index.php?rest_route=\/wp\/v2\/product"}],"about":[{"href":"https:\/\/cataloniacomics.com\/index.php?rest_route=\/wp\/v2\/types\/product"}],"replies":[{"embeddable":true,"href":"https:\/\/cataloniacomics.com\/index.php?rest_route=%2Fwp%2Fv2%2Fcomments&post=4783"}],"wp:featuredmedia":[{"embeddable":true,"href":"https:\/\/cataloniacomics.com\/index.php?rest_route=\/wp\/v2\/media\/4784"}],"wp:attachment":[{"href":"https:\/\/cataloniacomics.com\/index.php?rest_route=%2Fwp%2Fv2%2Fmedia&parent=4783"}],"wp:term":[{"taxonomy":"product_brand","embeddable":true,"href":"https:\/\/cataloniacomics.com\/index.php?rest_route=%2Fwp%2Fv2%2Fproduct_brand&post=4783"},{"taxonomy":"product_cat","embeddable":true,"href":"https:\/\/cataloniacomics.com\/index.php?rest_route=%2Fwp%2Fv2%2Fproduct_cat&post=4783"},{"taxonomy":"product_tag","embeddable":true,"href":"https:\/\/cataloniacomics.com\/index.php?rest_route=%2Fwp%2Fv2%2Fproduct_tag&post=4783"}],"curies":[{"name":"wp","href":"https:\/\/api.w.org\/{rel}","templated":true}]}}