{"id":4737,"date":"2024-06-12T21:44:24","date_gmt":"2024-06-12T19:44:24","guid":{"rendered":"https:\/\/cataloniacomics.com\/?post_type=product&#038;p=4737"},"modified":"2026-01-13T17:30:52","modified_gmt":"2026-01-13T23:30:52","slug":"cronicas-birmanas","status":"publish","type":"product","link":"https:\/\/cataloniacomics.com\/?product=cronicas-birmanas","title":{"rendered":"Cr\u00f3nicas Birmanas"},"content":{"rendered":"<p>Tras\u00a0<em>Shenzhen\u00a0<\/em>y\u00a0<em>Pyongyang,<\/em>\u00a0Guy Delisle cuenta en\u00a0<em>Cr\u00f3nicas birmanas<\/em>\u00a0su vida cotidiana en Rang\u00fan. Acompa\u00f1ando a su pareja, miembro de M\u00e9dicos Sin Fronteras, durante un a\u00f1o en Birmania, Guy Delisle regresa con un documental gr\u00e1fico apasionante. Testigo curioso y de mirada aguzada, el autor mezcla su propia historia con la del pa\u00eds. Con una buena dosis de iron\u00eda confronta sus insignificantes preocupaciones de occidental con las dificultades que atraviesan los habitantes de un pa\u00eds pobre bajo el yugo de una dictadura militar.<\/p>\n<p>Tras la aparente tranquilidad de las calles de Rang\u00fan despuntan las injusticias y carencias impuestas por la junta militar, los efectos de la censura, las zonas prohibidas, los rumores, la desinformaci\u00f3n y el miedo permanente. A trav\u00e9s del relato de Delisle se puede apreciar mejor la realidad de la peque\u00f1a comunidad internacional que trabaja para las ONG y las tremendas dificultades que encuentra para llevar a cabo su misi\u00f3n. Un retrato emotivo y comprometido de Birmania.<\/p>\n","protected":false},"excerpt":{"rendered":"<p>9788496815667<\/p>\n<p><a href=\"https:\/\/cataloniacomics.com\/wp-admin\/edit.php?product_tag=astiberri&amp;post_type=product\">Astiberri<\/a>,\u00a0<a href=\"https:\/\/cataloniacomics.com\/wp-admin\/edit.php?product_tag=autobiografico&amp;post_type=product\">Autobiogr\u00e1fico<\/a>,\u00a0<a href=\"https:\/\/cataloniacomics.com\/wp-admin\/edit.php?product_tag=guy-delisle&amp;post_type=product\">Guy Delisle<\/a>,\u00a0<a href=\"https:\/\/cataloniacomics.com\/wp-admin\/edit.php?product_tag=viajes&amp;post_type=product\">Viajes<\/a><\/p>\n","protected":false},"featured_media":4742,"comment_status":"open","ping_status":"closed","template":"","meta":[],"product_brand":[],"product_cat":[129],"product_tag":[144,246,298,310],"class_list":["post-4737","product","type-product","status-publish","has-post-thumbnail","product_cat-novela-grafica","product_tag-astiberri","product_tag-autobiografico","product_tag-guy-delisle","product_tag-viajes","first","outofstock","sold-individually","shipping-taxable","purchasable","product-type-simple"],"_links":{"self":[{"href":"https:\/\/cataloniacomics.com\/index.php?rest_route=\/wp\/v2\/product\/4737","targetHints":{"allow":["GET"]}}],"collection":[{"href":"https:\/\/cataloniacomics.com\/index.php?rest_route=\/wp\/v2\/product"}],"about":[{"href":"https:\/\/cataloniacomics.com\/index.php?rest_route=\/wp\/v2\/types\/product"}],"replies":[{"embeddable":true,"href":"https:\/\/cataloniacomics.com\/index.php?rest_route=%2Fwp%2Fv2%2Fcomments&post=4737"}],"wp:featuredmedia":[{"embeddable":true,"href":"https:\/\/cataloniacomics.com\/index.php?rest_route=\/wp\/v2\/media\/4742"}],"wp:attachment":[{"href":"https:\/\/cataloniacomics.com\/index.php?rest_route=%2Fwp%2Fv2%2Fmedia&parent=4737"}],"wp:term":[{"taxonomy":"product_brand","embeddable":true,"href":"https:\/\/cataloniacomics.com\/index.php?rest_route=%2Fwp%2Fv2%2Fproduct_brand&post=4737"},{"taxonomy":"product_cat","embeddable":true,"href":"https:\/\/cataloniacomics.com\/index.php?rest_route=%2Fwp%2Fv2%2Fproduct_cat&post=4737"},{"taxonomy":"product_tag","embeddable":true,"href":"https:\/\/cataloniacomics.com\/index.php?rest_route=%2Fwp%2Fv2%2Fproduct_tag&post=4737"}],"curies":[{"name":"wp","href":"https:\/\/api.w.org\/{rel}","templated":true}]}}