{"id":3465,"date":"2024-05-26T00:59:40","date_gmt":"2024-05-25T22:59:40","guid":{"rendered":"https:\/\/cataloniacomics.com\/?post_type=product&#038;p=3465"},"modified":"2026-01-11T19:02:00","modified_gmt":"2026-01-12T01:02:00","slug":"algo-extrano-me-paso-camino-a-casa","status":"publish","type":"product","link":"https:\/\/cataloniacomics.com\/?product=algo-extrano-me-paso-camino-a-casa","title":{"rendered":"Algo extra\u00f1o me pas\u00f3 camino a casa"},"content":{"rendered":"<p>Miguel Gallardo percibe a principios del a\u00f1o 2020 que se encuentra algo cansado por la sucesi\u00f3n de viajes y talleres que, a\u00f1o tras a\u00f1o, realiza de manera recurrente desde la publicaci\u00f3n en 2007 de su \u00e9xito creativo\u00a0<em>Mar\u00eda y yo<\/em>, una novela gr\u00e1fica en la que cuenta su relaci\u00f3n con su hija, que tiene autismo. Siente el autor catal\u00e1n que es el momento de tomarse al menos un mes sab\u00e1tico. Sin embargo, aquejado de un peque\u00f1o dolor, entra por la puerta del hospital y acaban extirp\u00e1ndole un tumor de cuatro cent\u00edmetros de una cabeza que queda marcada por cuarenta y cinco grapas \u201cy un pelo a lo punk\u201d, un poco como Makoki, uno de los c\u00e9lebres personajes que Gallardo cocre\u00f3 como dibujante a finales de los a\u00f1os 70.<\/p>\n<p>Y sale adem\u00e1s del hospital para seguir trat\u00e1ndose del proceso cancer\u00edgeno en un mundo sumergido en una pandemia que poco o nada se parece al que hab\u00eda cuando entr\u00f3 por su propio pie a mirarse ese \u201cdolorcillo\u201d que le acompa\u00f1aba en su vida cotidiana.\u00a0<em>Algo extra\u00f1o me pas\u00f3 camino de casa<\/em>, coeditado por Z\u00a0como SanZ, un proyecto de edici\u00f3n en el que puso mucho de s\u00ed mismo el desgraciadamente fallecido Juli\u00e1n Sanz, es la necesidad de Miguel Gallardo de dibujarlo y explicarlo todo, primero para entenderlo \u00e9l mismo y despu\u00e9s para contarles a los dem\u00e1s \u201clo que es viajar a la luna sin casco y luego volver sin mapas ni gu\u00edas&#8230; Pero sin melodramas, \u00bfeh? Esta es \u2013asegura Gallardo\u2013, una cr\u00f3nica de los hechos inexplicables personales y mundiales que acaecieron en el a\u00f1o del Se\u00f1or de 2020\u201d.<\/p>\n","protected":false},"excerpt":{"rendered":"<p>9788418215339<\/p>\n<p><a href=\"https:\/\/cataloniacomics.com\/wp-admin\/edit.php?product_tag=astiberri&amp;post_type=product\">Astiberri<\/a>,\u00a0<a href=\"https:\/\/cataloniacomics.com\/wp-admin\/edit.php?product_tag=salud&amp;post_type=product\">Salud<\/a><\/p>\n","protected":false},"featured_media":3466,"comment_status":"open","ping_status":"closed","template":"","meta":[],"product_brand":[],"product_cat":[129],"product_tag":[144,341],"class_list":["post-3465","product","type-product","status-publish","has-post-thumbnail","product_cat-novela-grafica","product_tag-astiberri","product_tag-salud","first","instock","sold-individually","shipping-taxable","purchasable","product-type-simple"],"_links":{"self":[{"href":"https:\/\/cataloniacomics.com\/index.php?rest_route=\/wp\/v2\/product\/3465","targetHints":{"allow":["GET"]}}],"collection":[{"href":"https:\/\/cataloniacomics.com\/index.php?rest_route=\/wp\/v2\/product"}],"about":[{"href":"https:\/\/cataloniacomics.com\/index.php?rest_route=\/wp\/v2\/types\/product"}],"replies":[{"embeddable":true,"href":"https:\/\/cataloniacomics.com\/index.php?rest_route=%2Fwp%2Fv2%2Fcomments&post=3465"}],"wp:featuredmedia":[{"embeddable":true,"href":"https:\/\/cataloniacomics.com\/index.php?rest_route=\/wp\/v2\/media\/3466"}],"wp:attachment":[{"href":"https:\/\/cataloniacomics.com\/index.php?rest_route=%2Fwp%2Fv2%2Fmedia&parent=3465"}],"wp:term":[{"taxonomy":"product_brand","embeddable":true,"href":"https:\/\/cataloniacomics.com\/index.php?rest_route=%2Fwp%2Fv2%2Fproduct_brand&post=3465"},{"taxonomy":"product_cat","embeddable":true,"href":"https:\/\/cataloniacomics.com\/index.php?rest_route=%2Fwp%2Fv2%2Fproduct_cat&post=3465"},{"taxonomy":"product_tag","embeddable":true,"href":"https:\/\/cataloniacomics.com\/index.php?rest_route=%2Fwp%2Fv2%2Fproduct_tag&post=3465"}],"curies":[{"name":"wp","href":"https:\/\/api.w.org\/{rel}","templated":true}]}}