{"id":16950,"date":"2025-09-04T17:23:27","date_gmt":"2025-09-04T23:23:27","guid":{"rendered":"https:\/\/cataloniacomics.com\/?post_type=product&#038;p=16950"},"modified":"2026-03-21T14:49:08","modified_gmt":"2026-03-21T20:49:08","slug":"la-voz-que-no-cesa-vida-de-miguel-hernandez","status":"publish","type":"product","link":"https:\/\/cataloniacomics.com\/?product=la-voz-que-no-cesa-vida-de-miguel-hernandez","title":{"rendered":"La voz que no cesa. Vida de Miguel Hern\u00e1ndez"},"content":{"rendered":"<p><em>La voz que no cesa<\/em>\u00a0es la nueva edici\u00f3n ampliada de la biograf\u00eda en c\u00f3mic del poeta Miguel Hern\u00e1ndez, la historia de un humilde cabrero que quer\u00eda ser escritor, un poeta que vivi\u00f3 una vida corta pero intensa de superaci\u00f3n frente a las adversidades del establishment literario, la guerra y su miseria. Coincidiendo con el 75.\u00ba aniversario de su muerte, se a\u00f1aden en la presente publicaci\u00f3n varias escenas de la estancia del escritor en la c\u00e1rcel, as\u00ed como nuevas im\u00e1genes de su tr\u00e1gico final en el a\u00f1o 1942, que en la primera edici\u00f3n de 2013 de la desaparecida EDT no se inclu\u00edan.<\/p>\n<p>Esta obra pretende ser un merecido homenaje y un necesario ejercicio de memoria hist\u00f3rica. Tambi\u00e9n quiere rescatar la poes\u00eda, la bondad y la humanidad de un poeta que han retratado otros autores como Joan Manuel Serrat, quien ha escrito el pr\u00f3logo con especial delicadeza.<\/p>\n<p>Seg\u00fan Jos\u00e9 Antonio G\u00f3mez Hern\u00e1ndez, se trata de una \u201ccompleta biograf\u00eda gr\u00e1fica del gran escritor oriolano, dibujada con maestr\u00eda y dir\u00eda que casi veneraci\u00f3n. Bold\u00fa se emplea a fondo para dar cabida en las p\u00e1ginas del c\u00f3mic a la vida y muchos fragmentos de la obra del escritor, al que presenta como un luchador por aprender a escribir y dar a conocer su poes\u00eda; una persona que siempre estuvo con el pueblo y las clases modestas a las que pertenec\u00eda, y una persona que fue fiel al Gobierno republicano durante la guerra civil, esforz\u00e1ndose por animar a sus compa\u00f1eros con sus poemas\u201d.<\/p>\n","protected":false},"excerpt":{"rendered":"<p>9788416880249<\/p>\n","protected":false},"featured_media":16951,"comment_status":"closed","ping_status":"closed","template":"","meta":[],"product_brand":[],"product_cat":[129],"product_tag":[144,208,162],"class_list":["post-16950","product","type-product","status-publish","has-post-thumbnail","product_cat-novela-grafica","product_tag-astiberri","product_tag-biografia","product_tag-historico","first","outofstock","sold-individually","shipping-taxable","purchasable","product-type-simple"],"_links":{"self":[{"href":"https:\/\/cataloniacomics.com\/index.php?rest_route=\/wp\/v2\/product\/16950","targetHints":{"allow":["GET"]}}],"collection":[{"href":"https:\/\/cataloniacomics.com\/index.php?rest_route=\/wp\/v2\/product"}],"about":[{"href":"https:\/\/cataloniacomics.com\/index.php?rest_route=\/wp\/v2\/types\/product"}],"replies":[{"embeddable":true,"href":"https:\/\/cataloniacomics.com\/index.php?rest_route=%2Fwp%2Fv2%2Fcomments&post=16950"}],"wp:featuredmedia":[{"embeddable":true,"href":"https:\/\/cataloniacomics.com\/index.php?rest_route=\/wp\/v2\/media\/16951"}],"wp:attachment":[{"href":"https:\/\/cataloniacomics.com\/index.php?rest_route=%2Fwp%2Fv2%2Fmedia&parent=16950"}],"wp:term":[{"taxonomy":"product_brand","embeddable":true,"href":"https:\/\/cataloniacomics.com\/index.php?rest_route=%2Fwp%2Fv2%2Fproduct_brand&post=16950"},{"taxonomy":"product_cat","embeddable":true,"href":"https:\/\/cataloniacomics.com\/index.php?rest_route=%2Fwp%2Fv2%2Fproduct_cat&post=16950"},{"taxonomy":"product_tag","embeddable":true,"href":"https:\/\/cataloniacomics.com\/index.php?rest_route=%2Fwp%2Fv2%2Fproduct_tag&post=16950"}],"curies":[{"name":"wp","href":"https:\/\/api.w.org\/{rel}","templated":true}]}}