{"id":16852,"date":"2025-09-04T14:31:22","date_gmt":"2025-09-04T20:31:22","guid":{"rendered":"https:\/\/cataloniacomics.com\/?post_type=product&#038;p=16852"},"modified":"2026-01-30T18:23:31","modified_gmt":"2026-01-31T00:23:31","slug":"el-otro-mar","status":"publish","type":"product","link":"https:\/\/cataloniacomics.com\/?product=el-otro-mar","title":{"rendered":"El otro mar"},"content":{"rendered":"<p>En el a\u00f1o 1500, un hidalgo extreme\u00f1o llega a las costas de Am\u00e9rica. Es un aventurero, como tantos otros, que se enriquece para arruinarse pronto, viaja como poliz\u00f3n a Tierra Firme (istmo de Panam\u00e1), lucha, conspira y destruye para levantar nuevas ciudades. Se gana el t\u00edtulo de gobernador de Veragua y, un d\u00eda, este Vasco N\u00fa\u00f1ez de Balboa escucha una fabulosa historia de boca de un cacique ind\u00edgena: la historia del \u201cotro mar\u201d.<\/p>\n<p>Seg\u00fan las palabras del indio kuna, \u201cal sur de las monta\u00f1as de la selva del Dari\u00e9n exist\u00eda un inmenso oc\u00e9ano, desconocido para el hombre blanco y a cuyas orillas habitaban poderosas tribus ricas en oro y metales preciosos\u201d. Qui\u00e9n sabe si fue la ambici\u00f3n, la avaricia o la locura lo que empuj\u00f3 a aquellos hombres a adentrarse en aquella provincia inh\u00f3spita. Qui\u00e9n sabe qu\u00e9 vivi\u00f3 realmente Vasco N\u00fa\u00f1ez de Balboa aquellos d\u00edas de incertidumbre y penuria.<\/p>\n<p>La historia de lo que pudo haber sido es la que ha recreado Alfonso Zapico en c\u00f3mic \u2013Premio Nacional 2012 de este medio con\u00a0<em>Dublin\u00e9s<\/em>\u2013, tras documentarse el propio autor asturiano in situ, despu\u00e9s de atravesar el Atl\u00e1ntico para recorrer una zona selv\u00e1tica en Panam\u00e1 en la expedici\u00f3n montada por la Fundaci\u00f3n Mare Australe, la misma ruta que siguieron N\u00fa\u00f1ez de Balboa y sus hombres en 1513. Zapico hizo una suerte de Camino de Santiago h\u00famedo en condiciones muy exigentes a lo largo de 110 kil\u00f3metros por los parajes del parque natural de Dari\u00e9n, siguiendo los pasos de Vasco N\u00fa\u00f1ez de Balboa hasta dar con ese \u201cotro mar\u201d, el oc\u00e9ano Pac\u00edfico.<\/p>\n","protected":false},"excerpt":{"rendered":"<p>9788415685388<\/p>\n","protected":false},"featured_media":16853,"comment_status":"closed","ping_status":"closed","template":"","meta":[],"product_brand":[],"product_cat":[129],"product_tag":[144,208,162],"class_list":["post-16852","product","type-product","status-publish","has-post-thumbnail","product_cat-novela-grafica","product_tag-astiberri","product_tag-biografia","product_tag-historico","first","instock","sold-individually","shipping-taxable","purchasable","product-type-simple"],"_links":{"self":[{"href":"https:\/\/cataloniacomics.com\/index.php?rest_route=\/wp\/v2\/product\/16852","targetHints":{"allow":["GET"]}}],"collection":[{"href":"https:\/\/cataloniacomics.com\/index.php?rest_route=\/wp\/v2\/product"}],"about":[{"href":"https:\/\/cataloniacomics.com\/index.php?rest_route=\/wp\/v2\/types\/product"}],"replies":[{"embeddable":true,"href":"https:\/\/cataloniacomics.com\/index.php?rest_route=%2Fwp%2Fv2%2Fcomments&post=16852"}],"wp:featuredmedia":[{"embeddable":true,"href":"https:\/\/cataloniacomics.com\/index.php?rest_route=\/wp\/v2\/media\/16853"}],"wp:attachment":[{"href":"https:\/\/cataloniacomics.com\/index.php?rest_route=%2Fwp%2Fv2%2Fmedia&parent=16852"}],"wp:term":[{"taxonomy":"product_brand","embeddable":true,"href":"https:\/\/cataloniacomics.com\/index.php?rest_route=%2Fwp%2Fv2%2Fproduct_brand&post=16852"},{"taxonomy":"product_cat","embeddable":true,"href":"https:\/\/cataloniacomics.com\/index.php?rest_route=%2Fwp%2Fv2%2Fproduct_cat&post=16852"},{"taxonomy":"product_tag","embeddable":true,"href":"https:\/\/cataloniacomics.com\/index.php?rest_route=%2Fwp%2Fv2%2Fproduct_tag&post=16852"}],"curies":[{"name":"wp","href":"https:\/\/api.w.org\/{rel}","templated":true}]}}