{"id":16782,"date":"2025-09-02T19:36:06","date_gmt":"2025-09-03T01:36:06","guid":{"rendered":"https:\/\/cataloniacomics.com\/?post_type=product&#038;p=16782"},"modified":"2026-08-18T14:22:32","modified_gmt":"2026-08-18T20:22:32","slug":"un-largo-silencio","status":"publish","type":"product","link":"https:\/\/cataloniacomics.com\/?product=un-largo-silencio","title":{"rendered":"Un largo silencio"},"content":{"rendered":"<p><em>Un largo silencio,<\/em>\u00a0de Francisco Gallardo Sarmiento y Miguel Gallardo, ve de nuevo la luz quince a\u00f1os despu\u00e9s de su primera edici\u00f3n con el a\u00f1adido de p\u00e1ginas de c\u00f3mic y material gr\u00e1fico complementario de una historia en la que Miguel reproduce el relato en primera persona de los primeros 31 a\u00f1os de la vida de su padre, Francisco, militar republicano, desde su nacimiento hasta 1940, cuando conoce a la que ser\u00eda su mujer.<\/p>\n<p>A Francisco Gallardo le toc\u00f3 vivir la guerra civil \u2013apunta en el pr\u00f3logo\u2013 \u201cen el bando de los que nunca hab\u00edan tenido, ni ten\u00edan nada\u201d, es decir, en el bando de los que la perdieron. Tras 40 a\u00f1os sin decir una palabra m\u00e1s alta que la otra, rompi\u00f3 su silencio y su hijo, el dibujante Miguel Gallardo, levant\u00f3 acta y complement\u00f3 el texto con ilustraciones, p\u00e1ginas de c\u00f3mic, fotograf\u00edas y documentos de la \u00e9poca; un proceso que le llev\u00f3 diez a\u00f1os completar y que ahora ampl\u00eda en esta nueva edici\u00f3n que presenta un formato mayor con ocho p\u00e1ginas m\u00e1s y pasa a tener tres colores frente al bitono original.<\/p>\n","protected":false},"excerpt":{"rendered":"<p>9788415163541<\/p>\n","protected":false},"featured_media":16783,"comment_status":"closed","ping_status":"closed","template":"","meta":[],"product_brand":[],"product_cat":[129],"product_tag":[144,246,163,208,311,162,313],"class_list":["post-16782","product","type-product","status-publish","has-post-thumbnail","product_cat-novela-grafica","product_tag-astiberri","product_tag-autobiografico","product_tag-belico","product_tag-biografia","product_tag-critica-social","product_tag-historico","product_tag-politica","first","outofstock","sold-individually","shipping-taxable","purchasable","product-type-simple"],"_links":{"self":[{"href":"https:\/\/cataloniacomics.com\/index.php?rest_route=\/wp\/v2\/product\/16782","targetHints":{"allow":["GET"]}}],"collection":[{"href":"https:\/\/cataloniacomics.com\/index.php?rest_route=\/wp\/v2\/product"}],"about":[{"href":"https:\/\/cataloniacomics.com\/index.php?rest_route=\/wp\/v2\/types\/product"}],"replies":[{"embeddable":true,"href":"https:\/\/cataloniacomics.com\/index.php?rest_route=%2Fwp%2Fv2%2Fcomments&post=16782"}],"wp:featuredmedia":[{"embeddable":true,"href":"https:\/\/cataloniacomics.com\/index.php?rest_route=\/wp\/v2\/media\/16783"}],"wp:attachment":[{"href":"https:\/\/cataloniacomics.com\/index.php?rest_route=%2Fwp%2Fv2%2Fmedia&parent=16782"}],"wp:term":[{"taxonomy":"product_brand","embeddable":true,"href":"https:\/\/cataloniacomics.com\/index.php?rest_route=%2Fwp%2Fv2%2Fproduct_brand&post=16782"},{"taxonomy":"product_cat","embeddable":true,"href":"https:\/\/cataloniacomics.com\/index.php?rest_route=%2Fwp%2Fv2%2Fproduct_cat&post=16782"},{"taxonomy":"product_tag","embeddable":true,"href":"https:\/\/cataloniacomics.com\/index.php?rest_route=%2Fwp%2Fv2%2Fproduct_tag&post=16782"}],"curies":[{"name":"wp","href":"https:\/\/api.w.org\/{rel}","templated":true}]}}