{"id":16741,"date":"2025-09-02T19:29:09","date_gmt":"2025-09-03T01:29:09","guid":{"rendered":"https:\/\/cataloniacomics.com\/?post_type=product&#038;p=16741"},"modified":"2026-01-30T17:55:19","modified_gmt":"2026-01-30T23:55:19","slug":"el-dibujado","status":"publish","type":"product","link":"https:\/\/cataloniacomics.com\/?product=el-dibujado","title":{"rendered":"El dibujado"},"content":{"rendered":"<p>En 2019 el IVAM (Instituto Valenciano de Arte Moderno) encarg\u00f3 a Paco Roca la realizaci\u00f3n de un c\u00f3mic ex profeso para el centro de exposiciones. Si entonces el reto que se le planteaba era c\u00f3mo podr\u00eda ser un c\u00f3mic contado en las cuatro paredes de un museo, dos a\u00f1os despu\u00e9s de ese \u201cexperimento ef\u00edmero\u201d que titul\u00f3\u00a0<em>El dibujado<\/em>, en el que los visitantes se pasearon por una de las salas del museo entre marzo y junio de aquel a\u00f1o 2019 prepand\u00e9mico leyendo la propuesta pr\u00e1cticamente muda realizada para ese espacio, lo que Roca pretende ahora es \u201crecuperar aquella historia para darle una lectura m\u00e1s \u00edntima\u201d, tal y como \u00e9l mismo afirma.<\/p>\n<p>\u201cDe nuevo no ha sido f\u00e1cil la transformaci\u00f3n \u2013asegura Paco Roca, que ha estado trabajando durante siete meses para darle forma a la obra en ese trasvase de medios\u2013, lo cual asevera que en el c\u00f3mic continente y contenido van de la mano. As\u00ed que, para intentar mantener la lectura, ha hecho falta una edici\u00f3n cuidada en la que se aprovecharan las cualidades que nos da el libro, recurriendo a desplegables en algunas de las p\u00e1ginas, por ejemplo. Ahora por fin\u00a0<em>El dibujado<\/em>\u00a0vive en un libro, su patria de origen\u201d, concluye.<\/p>\n","protected":false},"excerpt":{"rendered":"<p>9788418215964<\/p>\n","protected":false},"featured_media":16742,"comment_status":"closed","ping_status":"closed","template":"","meta":[],"product_brand":[],"product_cat":[129],"product_tag":[264,144,146],"class_list":["post-16741","product","type-product","status-publish","has-post-thumbnail","product_cat-novela-grafica","product_tag-arte","product_tag-astiberri","product_tag-paco-roca","first","instock","sold-individually","shipping-taxable","purchasable","product-type-simple"],"_links":{"self":[{"href":"https:\/\/cataloniacomics.com\/index.php?rest_route=\/wp\/v2\/product\/16741","targetHints":{"allow":["GET"]}}],"collection":[{"href":"https:\/\/cataloniacomics.com\/index.php?rest_route=\/wp\/v2\/product"}],"about":[{"href":"https:\/\/cataloniacomics.com\/index.php?rest_route=\/wp\/v2\/types\/product"}],"replies":[{"embeddable":true,"href":"https:\/\/cataloniacomics.com\/index.php?rest_route=%2Fwp%2Fv2%2Fcomments&post=16741"}],"wp:featuredmedia":[{"embeddable":true,"href":"https:\/\/cataloniacomics.com\/index.php?rest_route=\/wp\/v2\/media\/16742"}],"wp:attachment":[{"href":"https:\/\/cataloniacomics.com\/index.php?rest_route=%2Fwp%2Fv2%2Fmedia&parent=16741"}],"wp:term":[{"taxonomy":"product_brand","embeddable":true,"href":"https:\/\/cataloniacomics.com\/index.php?rest_route=%2Fwp%2Fv2%2Fproduct_brand&post=16741"},{"taxonomy":"product_cat","embeddable":true,"href":"https:\/\/cataloniacomics.com\/index.php?rest_route=%2Fwp%2Fv2%2Fproduct_cat&post=16741"},{"taxonomy":"product_tag","embeddable":true,"href":"https:\/\/cataloniacomics.com\/index.php?rest_route=%2Fwp%2Fv2%2Fproduct_tag&post=16741"}],"curies":[{"name":"wp","href":"https:\/\/api.w.org\/{rel}","templated":true}]}}